{"id":50,"date":"2023-04-17T13:57:46","date_gmt":"2023-04-17T16:57:46","guid":{"rendered":"https:\/\/canesinvest.com.br\/?page_id=50"},"modified":"2024-01-23T15:36:31","modified_gmt":"2024-01-23T18:36:31","slug":"home-portugues","status":"publish","type":"page","link":"https:\/\/canesinvest.com.br\/?page_id=50","title":{"rendered":"Home &#8211; Portugu\u00eas"},"content":{"rendered":"\n\n\n\n\n\n\n\n\n\n\n\n\n\n\n\n\n\n\n\n\n\n\n\n\n\n\n\n\n\n\n\n\n\n\n\n\n\n\n\n\n\n\n\n\n\n\n\n\n\n\n\n\n\n<p class=\"MsoNoSpacing\" align=\"center\" style=\"text-align:center\"><em><span style=\"font-size:18.0pt;font-family:&quot;Times New Roman&quot;,&quot;serif&quot;;color:white;\nmso-themecolor:background1;mso-ansi-language:PT-BR\"><font style=\"vertical-align: inherit;\"><font style=\"vertical-align: inherit;\">Voc\u00ea j\u00e1 pensou que poderia viver sua vida com muito mais conforto, mais colorido e sem estres<span style=\"color:#ffffff;\"><span style=\"font-family:Times New Roman;\"><\/span><\/span>se em outro lugar, onde voc\u00ea n\u00e3o fica preso no tr\u00e2nsito todos os dias, se estressa a semana toda, todos os dias com novas regras, leis e regulamentos, pre\u00e7os elevados, ent\u00e3o n\u00e3o perca mais tempo e confira nossas ofertas abaixo, que podem abrir para voc\u00ea um novo caminho para o para\u00edso.<\/font><\/font><o:p><\/o:p><\/span><\/em><\/p><p class=\"MsoNoSpacing\" align=\"center\" style=\"text-align:center\"><em><span style=\"font-size:18.0pt;font-family:&quot;Times New Roman&quot;,&quot;serif&quot;;color:white;\nmso-themecolor:background1;mso-ansi-language:PT-BR\">&nbsp;<\/span><\/em><\/p><p class=\"MsoNoSpacing\" align=\"center\" style=\"text-align:center\"><em><span style=\"font-size:18.0pt;font-family:&quot;Times New Roman&quot;,&quot;serif&quot;;color:white;\nmso-themecolor:background1;mso-ansi-language:PT-BR\"><font style=\"vertical-align: inherit;\"><font style=\"vertical-align: inherit;\">Por motivos de idade estou vendendo algumas de minhas casas coloniais no porto do Centro Hist\u00f3rico de Canavieiras, no estado da Bahia, 600 KM ao sul de Salvador da Bahia no Brasil.<\/font><\/font><o:p><\/o:p><\/span><\/em><\/p><p class=\"MsoNoSpacing\" align=\"center\" style=\"text-align:center\"><em><span style=\"font-size:18.0pt;font-family:&quot;Times New Roman&quot;,&quot;serif&quot;;color:white;\nmso-themecolor:background1;mso-ansi-language:PT-BR\">&nbsp;<\/span><\/em><\/p><p>\n\n\n\n\n\n\n\n<\/p><p class=\"MsoNoSpacing\" align=\"center\" style=\"text-align:center\"><em><span style=\"font-size:18.0pt;font-family:&quot;Times New Roman&quot;,&quot;serif&quot;;color:white;\nmso-themecolor:background1;mso-ansi-language:PT-BR\"><font style=\"vertical-align: inherit;\"><font style=\"vertical-align: inherit;\">Uma daquelas casas coloniais lindas e reformadas, pode ser sua, ou se voc\u00ea quiser, praticamente o quarteir\u00e3o inteiro.<\/font><\/font><o:p><\/o:p><\/span><\/em><\/p>\n\n\n\n\n\n\n\n\n\n\n\n\n\n\n\nOportunidades \u00fanicas,\n<p>no para\u00edso da Bahia &#8211; Brasil.<\/p>\n\n<font style=\"vertical-align: inherit;\"><font style=\"vertical-align: inherit;\">Meu nome \u00e9 Christian Muller<\/font><\/font>\n\nMudei da Su\u00ed\u00e7a para o Brasil h\u00e1 cerca de 40 anos e investi especificamente na Bahia durante todos esses anos. Hoje j\u00e1 atingi uma idade pesada e gostaria de me desfazer de algumas de minhas propriedades.\nOnde gradualmente adquiri, converti e restaurei uma rua inteira de belas casas coloniais ao longo dos \u00faltimos 20 anos, aqui est\u00e1&#8230;\n\n&#8230;aqui  o mundo ainda est\u00e1 bem tranquilo\n\nMoradores simp\u00e1ticos&#8230;\n\nDezenas de quil\u00f4metros de praias com areia branca e milhares de coqueiros&#8230;\n\n\n\n\n\n\n\n\nIn\u00fameros rios que correm da selva tropical diretamente para o mar, natureza verde e vibrante, muitos peixes e frutos de mare.\n\n\n\n\n\n\n\n\n\n\n\nPre\u00e7os baratos, clima muito equilibrado e saud\u00e1vel, nem demasiado quente e h\u00famido, nem demasiado frio e seco e, portanto, uma elevada qualidade de vida. Resumindo, encontrei o para\u00edso.&nbsp;\n\n\n\n\n\n\n\n<h3><span style=\"font-size: 21px; font-style: italic; font-weight: 400; letter-spacing: normal; text-transform: none;\">&nbsp;Aqui voc\u00ea encontra os im\u00f3veis que podem lhe oferecer uma exist\u00eancia.<\/span><br><\/h3>\n<h3><font color=\"#205f6f\"><span style=\"font-weight: 400; letter-spacing: normal; text-transform: none;\"><em>Vista das Fachadas e Fotomix<\/em><\/span><\/font><\/h3>\n\n\n\n\n\n\n\n\n\n\n\nDetalhes e Planta da Situa\u00e7\u00e3o\nA maioria das casas coloniais est\u00e3o localizadas na Avenida Felinto Melo em frente ao Rio Pardo.\n\nDetalhes de cada casa:\n\n\n\n\n\n\n\n<font style=\"vertical-align: inherit;\"><font style=\"vertical-align: inherit;\"><strong><font style=\"vertical-align: inherit;\"><font style=\"vertical-align: inherit;\">1- CASA DA PRA\u00c7A \/ TOTAL 329M\u00b2<\/font><\/font><\/strong><\/font><\/font>\n\n\n\n\n\n\n\n\n\n<h5 style=\"text-align: center;\"><font style=\"vertical-align: inherit;\"><font style=\"vertical-align: inherit; color: rgb(0, 0, 0);\"><em style=\"color: rgb(36, 113, 179);\"><font style=\"vertical-align: inherit;\"><font style=\"vertical-align: inherit;\">t\u00e9rreo a: 1 escri<\/font><\/font><font style=\"vertical-align: inherit;\"><font style=\"vertical-align: inherit;\">t\u00f3rio de advocacia 76,00 m2 \/ 3 salas \/ lavat\u00f3rios \/ 2 instala\u00e7\u00f5es sanit\u00e1rias<\/font><\/font><\/em><\/font><\/font><\/h5>\n\n<h5 style=\"text-align: center;\"><font style=\"vertical-align: inherit;\"><font style=\"vertical-align: inherit; color: rgb(0, 0, 0);\"><em style=\"color: rgb(36, 113, 179);\"><font style=\"vertical-align: inherit;\"><font style=\"vertical-align: inherit;\">T\u00e9rreo b: 1 restaurante 60,00 m2 \/ bar \/ cozi<\/font><\/font><font style=\"vertical-align: inherit;\"><font style=\"vertical-align: inherit;\">nha \/ 2 instala\u00e7\u00f5es sanit\u00e1rias<\/font><\/font><\/em><\/font><\/font><\/h5>\n\n\n<h5 style=\"text-align: center;\"><font style=\"vertical-align: inherit;\"><font style=\"vertical-align: inherit; color: rgb(0, 0, 0);\"><em><font style=\"vertical-align: inherit;\"><font style=\"vertical-align: inherit; color: rgb(36, 113, 179);\">Primeiro andar: Apartamento de 145,00 m2 \/ 4 su\u00edtes (4 quartos e 4 banheiros, lavabo e ducha), 2 salas \/ 1 cozinha \/ 1 quarto de servi\u00e7o \/ 1 varanda<\/font><\/font><span style=\"color:#2471b;\"><span style=\"color:#2471b;\"><\/span><\/span><\/em><\/font><\/font><\/h5>\n\n\n\n\n\n\n<font style=\"vertical-align: inherit;\"><font style=\"vertical-align: inherit;\"><strong><font style=\"vertical-align: inherit;\"><font style=\"vertical-align: inherit;\"><font style=\"vertical-align: inherit;\"><font style=\"vertical-align: inherit;\">2- CASA BRANCA DE NEVE \/ TOTAL 103,66M\u00b2&nbsp;<\/font><\/font><\/font><\/font><\/strong><\/font><\/font>\n\n\n\n\n\n\n\n\n\n<h5 style=\"text-align: center;\"><font style=\"vertical-align: inherit;\"><font style=\"vertical-align: inherit;\"><span style=\"color:#000000;\"><em style=\"color: rgb(36, 113, 179);\"><font style=\"vertical-align: inherit;\"><font style=\"vertical-align: inherit;\">T\u00e9rreo: 1 restaurante<\/font><\/font><font style=\"vertical-align: inherit;\"><font style=\"vertical-align: inherit;\">&nbsp;(pizzaria) 51,83 m2 \/ 1 sala \/ cozinha \/ bar \/ 2 instala\u00e7\u00f5es sanit\u00e1rias<\/font><\/font><\/em><\/span> <\/font><\/font><\/h5>\n\n\n<h5 style=\"text-align: center;\"><font style=\"vertical-align: inherit;\"><font style=\"vertical-align: inherit;\"><font style=\"vertical-align: inherit;\"><font style=\"vertical-align: inherit; color: rgb(0, 0, 0);\"><font style=\"vertical-align: inherit;\"><font style=\"vertical-align: inherit;\"><em style=\"color: rgb(36, 113, 179);\">Primeiro andar: 1 Apartamento (Loft Coronel) 51,83 m2 \/ 1 quarto \/ 1 pequena Cozinha \/ 1 casa de banho com ducha \/ ar condicionado<\/em><\/font><\/font><\/font><\/font><\/font><\/font><\/h5>\n\n\n\n\n\n\n\n<font style=\"vertical-align: inherit;\"><font style=\"vertical-align: inherit;\"><strong><font style=\"vertical-align: inherit;\"><font style=\"vertical-align: inherit;\"><font style=\"vertical-align: inherit;\"><font style=\"vertical-align: inherit;\"><font style=\"vertical-align: inherit;\"><font style=\"vertical-align: inherit;\">3-  GALERIA DO PORTO \/ TOTAL 525,14M\u00b2&nbsp;<\/font><\/font><\/font><\/font><\/font><\/font><\/strong><\/font><\/font>\n\n\n\n\n\n\n<h5 style=\"text-align: center;\"><font style=\"vertical-align: inherit;\"><font style=\"vertical-align: inherit;\"><span style=\"color:#000000;\"><font style=\"vertical-align: inherit;\"><font style=\"vertical-align: inherit; color: rgb(36, 113, 179);\">T\u00e9rreo: Museu 132,87 m2<\/font><\/font><\/span><span style=\"color:#000000;\"><\/span>\n<\/font><\/font><\/h5>\n<h5 style=\"text-align: center;\"><font style=\"vertical-align: inherit;\"><font style=\"vertical-align: inherit;\"><span style=\"color:#000000;\"><font style=\"vertical-align: inherit;\"><font style=\"vertical-align: inherit; color: rgb(36, 113, 179);\">T\u00e9rreo: Loja \/ loja 01 9,45 m2 (sorvetEria) \/ Loja \/ loja 02 + 03 10,00 m2 (cosm\u00e9tica) \/ Loja (cosm\u00e9tica)\/ loja 04 7,84 m2 \/ Loja (tatuagem)\/loja 05 7,76 m2 \/ Loja (lanchonete) \/loja 06 + 07 17,98 m2 \/ loja \/ loja 08 7,31 m2 \/ Loja \/ loja 09 7,71 m2 (cosm\u00e9tica)\/ Loja Numerologia (04)\/ loja 10 11,70 m2 + 2 sanit\u00e1rios \/ banheiros \/ 01 protegidos<\/font><\/font><\/span> <\/font><\/font><\/h5>\n\n\n<h5 style=\"text-align: center;\"><font style=\"vertical-align: inherit; color: rgb(36, 113, 179);\"><font style=\"vertical-align: inherit;\"><font style=\"vertical-align: inherit;\"><font style=\"vertical-align: inherit;\"><font style=\"vertical-align: inherit;\"><font style=\"vertical-align: inherit;\">Primeiro andar: 1 apartamento de 80,00 m2 \/ 3 quartos \/ 1 sala \/ 1 banheiro \/ 1 sauna \/ 1 piscina pequena \/ cozinha americana \/ 02 aparelhos de ar condicionado \/ amplo terra\u00e7o com vista do Rio Pardo. <\/font><\/font><\/font><\/font><\/font><\/font><\/h5>\n\n\n<h5 style=\"text-align: center;\"><font style=\"vertical-align: inherit; color: rgb(36, 113, 179);\"><font style=\"vertical-align: inherit;\"><font style=\"vertical-align: inherit;\"><font style=\"vertical-align: inherit;\"><font style=\"vertical-align: inherit;\"><font style=\"vertical-align: inherit;\"><\/font><\/font><\/font><\/font><\/font><font style=\"vertical-align: inherit;\"><font style=\"vertical-align: inherit;\"><font style=\"vertical-align: inherit;\"><font style=\"vertical-align: inherit;\"><font style=\"vertical-align: inherit;\">Primeiro andar: 1 Apartamento de 52,87 m2 \/ 01 su\u00edte \/ 02 quartos \/ 1 lavabo \/ 1 banheiro \/ 1 cozinha \/ 02 ar condicionado<\/font><\/font><\/font><\/font><\/font><\/font><\/h5>\n\n\n\n\n\n\n\n<font style=\"vertical-align: inherit;\"><font style=\"vertical-align: inherit;\"><strong><font style=\"vertical-align: inherit;\"><font style=\"vertical-align: inherit;\"><font style=\"vertical-align: inherit;\"><font style=\"vertical-align: inherit;\"><font style=\"vertical-align: inherit;\"><font style=\"vertical-align: inherit;\">4- ARMAZ\u00c9M TOTAL \/ 167,36M\u00b2&nbsp;<\/font><\/font><\/font><\/font><\/font><\/font><\/strong><\/font><\/font>\n\n\n\n\n\n<h5 style=\"text-align: center;\"><font style=\"vertical-align: inherit;\"><font style=\"vertical-align: inherit;\"><span style=\"color: rgb(36, 113, 179);\">T\u00e9rreo: 83,68m2: 1 restaurante de <span style=\"color:#2471b3;\">Camar\u00e3o <\/span>com cozinha, 2 banheiros, 1 est\u00fadio com banheiro<\/span>\n<\/font><\/font><\/h5>\n\n\n<h5 style=\"text-align: center;\"><font style=\"vertical-align: inherit;\"><font style=\"vertical-align: inherit; color: rgb(36, 113, 179);\">Primeiro andar: 83,68 m2: a<span style=\"color:#2471b3;\"><span style=\"\"><\/span><\/span>partamento com 2 dormit\u00f3rios, 2 salas, 1 banheiro, 1 varanda, ar condicionado<\/font><\/font><\/h5>\n\n\n\n\n\n\n\n<font style=\"vertical-align: inherit;\"><font style=\"vertical-align: inherit;\"><strong><font style=\"vertical-align: inherit;\"><font style=\"vertical-align: inherit;\"><font style=\"vertical-align: inherit;\"><font style=\"vertical-align: inherit;\"><font style=\"vertical-align: inherit;\"><font style=\"vertical-align: inherit;\">5- CASA FRANK \/ TOTAL 172,75&nbsp;<\/font><\/font><\/font><\/font><\/font><\/font><\/strong><\/font><\/font>\n\n\n\n\n\n<p class=\"MsoNoSpacing\"><span style=\"font-size:22.0pt;font-family:&quot;Times New Roman&quot;,&quot;serif&quot;\"><font style=\"vertical-align: inherit;\"><font style=\"vertical-align: inherit;\"><\/font><\/font><\/span><\/p><h5><p style=\"text-align: right;\"><span style=\"color:#000000;\"><h5 class=\"MsoNoSpacing\" style=\"text-align: center;\"><span style=\"font-size:22.0pt;font-family:&quot;Times New Roman&quot;,&quot;serif&quot;\"><font style=\"vertical-align: inherit;\"><font style=\"vertical-align: inherit;\"><font style=\"vertical-align: inherit;\"><font style=\"vertical-align: inherit;\">T\u00e9rreo: 85,45: 1 restaurante Sushi bar com sala grande, 02 banheiros, cozinha grande, dep\u00f3sito<\/font><\/font><\/font><\/font><o:p><\/o:p><\/span><\/h5>\n\n<p class=\"MsoNoSpacing\"><\/p><\/span><\/p><\/h5><h5 class=\"MsoNoSpacing\" style=\"text-align: right;\"><span style=\"font-size:12.0pt;font-family:&quot;Times New Roman&quot;,&quot;serif&quot;\"><br><\/span><\/h5>\n\n\n<h5 class=\"MsoNoSpacing\" style=\"text-align: center;\"><span style=\"font-size:22.0pt;font-family:&quot;Times New Roman&quot;,&quot;serif&quot;\"><font style=\"vertical-align: inherit;\"><font style=\"vertical-align: inherit; color: rgb(36, 113, 179);\">Primeiro andar: Loft 05 &#8211; com 87,29m2 : 1 apartamento com 02 dormit\u00f3rios, 02 ar condicionado, 01 banheiro grande<\/font><\/font><o:p><\/o:p><\/span><\/h5>\n\n\n\n\n\n\n\n<font style=\"vertical-align: inherit;\"><font style=\"vertical-align: inherit;\"><strong><font style=\"vertical-align: inherit;\"><font style=\"vertical-align: inherit;\"><font style=\"vertical-align: inherit;\"><font style=\"vertical-align: inherit;\"><font style=\"vertical-align: inherit;\"><font style=\"vertical-align: inherit;\">6- INTEND\u00caNCIA&nbsp; \/ TOTAL 303,57M\u00b2&nbsp;<\/font><\/font><\/font><\/font><\/font><\/font><\/strong><\/font><\/font>\n\n\n\n\n\n\n<p class=\"MsoNoSpacing\"><span style=\"font-size:12.0pt;font-family:&quot;Times New Roman&quot;,&quot;serif&quot;\"><font style=\"vertical-align: inherit;\"><font style=\"vertical-align: inherit;\"><\/font><\/font><\/span><\/p><span style=\"color:#000000;\"><h5 class=\"MsoNoSpacing\" style=\"text-align: center;\"><span style=\"font-size:22.0pt;font-family:&quot;Times New Roman&quot;,&quot;serif&quot;\"><font style=\"vertical-align: inherit;\"><font style=\"vertical-align: inherit;\">T\u00e9rreo: Restaurante (EL TOURO) 176,20 m2 com bar restaurante \/ cozinha \/ sal\u00e3o \/ 2 banheiros \/ \u00e1rea de servi\u00e7o e jardim de 15,27 m2<\/font><\/font><\/span><\/h5><\/span>\n\n\n<span style=\"color:#000000;\"><h5 class=\"MsoNoSpacing\" style=\"text-align: center;\"><span style=\"font-size:22.0pt;font-family:&quot;Times New Roman&quot;,&quot;serif&quot;\"><font style=\"vertical-align: inherit;\"><font style=\"vertical-align: inherit;\"><font style=\"vertical-align: inherit;\"><font style=\"vertical-align: inherit;\">Primeiro andar: Loft 03 &#8211; com 48,00 m2 sala com vista para o rio Pardo, cozinha tipo bar americano, ar condicionado, banheiro<\/font><\/font><\/font><\/font><\/span><\/h5><\/span>\n\n\n<span style=\"color:#000000;\"><h5 class=\"MsoNoSpacing\" style=\"text-align: center;\"><span style=\"font-size:22.0pt;font-family:&quot;Times New Roman&quot;,&quot;serif&quot;\"><font style=\"vertical-align: inherit;\"><font style=\"vertical-align: inherit;\"><font style=\"vertical-align: inherit;\"><font style=\"vertical-align: inherit;\"><\/font><\/font><\/font><\/font><\/span><span style=\"font-family: &quot;Times New Roman&quot;, &quot;serif&quot;; font-size: 22pt; text-transform: initial;\"><font style=\"vertical-align: inherit;\"><font style=\"vertical-align: inherit;\">Primeiro Andar: Loft 04 &#8211; Com 79,47 m2 1 Dormit\u00f3rio com banheiro, 1 dormit\u00f3rio, 1 banheiro social, 02 ar condicionado, uma sala, uma cozinha tipo americana bar, 1 varanda, 1 churrasqueira<\/font><\/font><\/span><\/h5><\/span>\n\n\n\n\n\n\n\n<font style=\"vertical-align: inherit;\"><font style=\"vertical-align: inherit;\"><strong><font style=\"vertical-align: inherit;\"><font style=\"vertical-align: inherit;\"><font style=\"vertical-align: inherit;\"><font style=\"vertical-align: inherit;\"><font style=\"vertical-align: inherit;\"><font style=\"vertical-align: inherit;\">7- CASA MARLIM AZUL \/ TOTAL 287,86M\u00b2&nbsp;<\/font><\/font><\/font><\/font><\/font><\/font><\/strong><\/font><\/font>\n<p>Lorem Ipsum has been the industry&#8217;s standard dummy text ever since the 1500s.<\/p>\n\n\n\n\n<p class=\"MsoNoSpacing\"><span style=\"font-size:22.0pt;font-family:&quot;Times New Roman&quot;,&quot;serif&quot;\"><font style=\"vertical-align: inherit;\"><font style=\"vertical-align: inherit;\"><\/font><\/font><\/span><\/p><span style=\"color:#000000;\"><h5 class=\"MsoNoSpacing\" style=\"text-align: center;\"><span style=\"font-size:22.0pt;font-family:&quot;Times New Roman&quot;,&quot;serif&quot;\">T\u00e9rreo: Restaurante\n(AL MARE) 136,19 m2 sala ampla, lareira, bar, \u00e1rea de servi\u00e7o, cozinha,\ndeposito<\/span><\/h5><\/span>\n\n\n<span style=\"color:#000000;\"><p class=\"MsoNoSpacing\"><span style=\"font-size:22.0pt;font-family:&quot;Times New Roman&quot;,&quot;serif&quot;\"><o:p><\/o:p><\/span><\/p><h5 class=\"MsoNoSpacing\" style=\"text-align: center;\"><span style=\"font-size:22.0pt;font-family:&quot;Times New Roman&quot;,&quot;serif&quot;\"><font style=\"vertical-align: inherit;\"><font style=\"vertical-align: inherit;\">Primeiro andar: Loft 1 &#8211; Com 68,92 m2, 1 sala, 1 quarto com ar condicionado, uma cozinha com bar, 1 banheiro, varanda grande com vista para o rio pardo, churrasqueira<\/font><\/font><\/span><\/h5><\/span>\n\n<span style=\"color:#000000;\"><p class=\"MsoNoSpacing\"><span style=\"font-size:22.0pt;font-family:&quot;Times New Roman&quot;,&quot;serif&quot;\"><font style=\"vertical-align: inherit;\"><font style=\"vertical-align: inherit;\"><\/font><\/font><o:p><\/o:p><\/span><\/p><p class=\"MsoNoSpacing\">\n\n\n\n<\/p><h5 class=\"MsoNoSpacing\" style=\"text-align: center;\"><span style=\"font-size:22.0pt;font-family:&quot;Times New Roman&quot;,&quot;serif&quot;\"><font style=\"vertical-align: inherit;\"><font style=\"vertical-align: inherit;\">Primeiro andar: Loft 02 com 82,75 m2, 1 sala, 1 quarto com ar condicionado, uma cozinha com bar, 1 banheiro, varanda grande com, churrasqueira<\/font><\/font><o:p><\/o:p><\/span><\/h5><\/span>\n\n\n\n<font style=\"vertical-align: inherit;\"><font style=\"vertical-align: inherit;\"><strong><font style=\"vertical-align: inherit;\"><font style=\"vertical-align: inherit;\"><font style=\"vertical-align: inherit;\"><font style=\"vertical-align: inherit;\"><font style=\"vertical-align: inherit;\"><font style=\"vertical-align: inherit;\">8- ROYALE CHARLOTTE \/ TOTAL88,10M\u00b2&nbsp;<\/font><\/font><\/font><\/font><\/font><\/font><\/strong><\/font><\/font>\n\n\n\n\n\n\n\n\n\n<p class=\"MsoNoSpacing\"><span style=\"font-size:22.0pt;font-family:&quot;Times New Roman&quot;,&quot;serif&quot;\"><font style=\"vertical-align: inherit;\"><font style=\"vertical-align: inherit;\"><\/font><\/font><\/span><\/p><span style=\"color:#000000;\"><h5 class=\"MsoNoSpacing\" style=\"text-align: center;\"><span style=\"font-size:22.0pt;font-family:&quot;Times New Roman&quot;,&quot;serif&quot;\">RESTAURANTE \/ BAR: com 53,45 M2, bar grande, cozinha, 02 banheiros<\/span><\/h5><\/span>\n\n<span style=\"color:#000000;\"><h5 class=\"MsoNoSpacing\" style=\"text-align: center;\"><span style=\"font-size:22.0pt;font-family:&quot;Times New Roman&quot;,&quot;serif&quot;\"><o:p><\/o:p><\/span><\/h5><h5 class=\"MsoNoSpacing\" style=\"text-align: center;\">\n\n<\/h5><h5 class=\"MsoNoSpacing\" style=\"text-align: center;\"><span style=\"font-size:22.0pt;font-family:&quot;Times New Roman&quot;,&quot;serif&quot;\">Primeiro\nandar: Com 20,11 M2 uma sala com pequena varanda com vista para o rio pardo<o:p><\/o:p><\/span><\/h5><\/span>\n\n\n\n\n\n\n<font style=\"vertical-align: inherit;\"><font style=\"vertical-align: inherit;\"><strong><font style=\"vertical-align: inherit;\"><font style=\"vertical-align: inherit;\"><font style=\"vertical-align: inherit;\"><font style=\"vertical-align: inherit;\"><font style=\"vertical-align: inherit;\"><font style=\"vertical-align: inherit;\">9 e 10 &#8211; CASA 7 PORTAS JUNTO COM BANCO BAHIA \/ TOTAL 217,23M\u00b2&nbsp;<\/font><\/font><\/font><\/font><\/font><\/font><\/strong><\/font><\/font>\n\n\n\n\n\n<p class=\"MsoNoSpacing\"><span style=\"font-size:22.0pt;font-family:&quot;Times New Roman&quot;,&quot;serif&quot;\"><font style=\"vertical-align: inherit;\"><font style=\"vertical-align: inherit;\"><\/font><\/font><\/span><\/p><span style=\"color:#000000;\"><h5 class=\"MsoNoSpacing\" style=\"text-align: center;\"><span style=\"font-size:22.0pt;font-family:&quot;Times New Roman&quot;,&quot;serif&quot;\">RESTAURANTE churrasqueira: com 108.63 com 02 salas grandes, bar, cozinha<o:p><\/o:p><\/span><\/h5><p class=\"MsoNoSpacing\">\n\n<\/p><p class=\"MsoNoSpacing\"><span style=\"font-size:12.0pt;font-family:&quot;Times New Roman&quot;,&quot;serif&quot;\"><br><\/span><\/p><\/span>\n\n\n<span style=\"color:#000000;\"><h5 class=\"MsoNoSpacing\" style=\"text-align: center;\"><span style=\"font-size:22.0pt;font-family:&quot;Times New Roman&quot;,&quot;serif&quot;\">Primeiro\nandar: Loft 7 Portas 108.63 com sala grande, com 1 dormit\u00f3rio com ar\ncondicionado e banheiro, 1 quarto com ar condicionado, banheiro social, 1\nvaranda grande com vista para o rio pardo, e uma cozinha tipo American bar<o:p><\/o:p><\/span><\/h5><\/span>\n\n\n<span style=\"color:#000000;\"><h5 class=\"MsoNoSpacing\" style=\"text-align: center;\"><font face=\"Times New Roman, serif\">CASA BANCO BAHIA<\/font><\/h5><\/span>\n\n\n\n\n\n<font style=\"vertical-align: inherit;\"><font style=\"vertical-align: inherit;\"><strong><font style=\"vertical-align: inherit;\"><font style=\"vertical-align: inherit;\"><font style=\"vertical-align: inherit;\"><font style=\"vertical-align: inherit;\"><font style=\"vertical-align: inherit;\"><font style=\"vertical-align: inherit;\">11 &#8211; CASA DO PORTO \/ TOTAL 98,13M2&nbsp;<\/font><\/font><\/font><\/font><\/font><\/font><\/strong><\/font><\/font>\n\n\n\n\n\n<p class=\"MsoNoSpacing\"><span style=\"font-size:22.0pt;font-family:&quot;Times New Roman&quot;,&quot;serif&quot;\"><font style=\"vertical-align: inherit;\"><font style=\"vertical-align: inherit;\"><\/font><\/font><\/span><\/p><span style=\"color:#000000;\"><h5 class=\"MsoNoSpacing\" style=\"text-align: center;\"><span style=\"font-size:22.0pt;font-family:&quot;Times New Roman&quot;,&quot;serif&quot;\">RESTAURANTE\ncom 73,11 M2 com sala, bar, cozinha e dep\u00f3sito, 02 banheiros<o:p><\/o:p><\/span><\/h5><h5 class=\"MsoNoSpacing\" style=\"text-align: center;\">\n\n<\/h5><h5 class=\"MsoNoSpacing\" style=\"text-align: center;\"><span style=\"font-size:22.0pt;font-family:&quot;Times New Roman&quot;,&quot;serif&quot;\">Studio\nde 25,02 M2 com dormit\u00f3rio, pequena cozinha, 1 banheiro<o:p><\/o:p><\/span><\/h5><\/span>\n\n\n\n\n\n<font style=\"vertical-align: inherit;\"><font style=\"vertical-align: inherit;\"><strong><font style=\"vertical-align: inherit;\"><font style=\"vertical-align: inherit;\"><font style=\"vertical-align: inherit;\"><font style=\"vertical-align: inherit;\"><font style=\"vertical-align: inherit;\"><font style=\"vertical-align: inherit;\">12 &#8211; CASA PORTO EVENTOS \/ TOTAL 284,32M\u00b2&nbsp;<\/font><\/font><\/font><\/font><\/font><\/font><\/strong><\/font><\/font>\n\n\n\n\n\n\n\n<p class=\"MsoNoSpacing\"><span style=\"font-size:22.0pt;font-family:&quot;Times New Roman&quot;,&quot;serif&quot;\"><font style=\"vertical-align: inherit;\"><font style=\"vertical-align: inherit;\"><\/font><\/font><\/span><\/p><span style=\"color:#000000;\"><h5 class=\"MsoNoSpacing\" style=\"text-align: center;\"><span style=\"font-size:22.0pt;font-family:&quot;Times New Roman&quot;,&quot;serif&quot;\">Com\nduas salas grande de festa, um bar grande, 02 banheiros, 1 cozinha<o:p><\/o:p><\/span><\/h5><\/span>\n\n\n\n\n\n\n\n<font style=\"vertical-align: inherit;\"><font style=\"vertical-align: inherit;\"><strong><font style=\"vertical-align: inherit;\"><font style=\"vertical-align: inherit;\"><font style=\"vertical-align: inherit;\"><font style=\"vertical-align: inherit;\"><font style=\"vertical-align: inherit;\"><font style=\"vertical-align: inherit;\">13 &#8211; CASA GARAGEM COM JARDIM&nbsp;<\/font><\/font><\/font><\/font><\/font><\/font><\/strong><\/font><\/font>\n\n\n\n\n\n\n\n\n\n\n\n\n\n\n\n\nVENDAS\n\n\nN\u00f3s temos diversos pacotes (quase a rua inteira) e tamb\u00e9m im\u00f3veis separados ou em grupos para a venda. A nossa lista dos pre\u00e7os voc\u00ea recebe imediatamente atrav\u00e9s desse e-mail:<p><\/p>\nchrisconsulting@gmail.com\nDesculpem que n\u00f3s n\u00e3o colocamos os pre\u00e7os dentro desse site, isso para evitar eventuais contatos n\u00e3o desejados. Todos os e-mails que tem remetente especificado recebem atrav\u00e9s o nosso e-mail imediatamente todos os pre\u00e7os com mais informa\u00e7\u00f5es espec\u00edficas. Obrigado pela sua compreens\u00e3o.\n\nAlias, todos os objetos est\u00e3o alugados com contratos limitados a curto tempo, sem problemas de substituir por outros inquilinos.\nTODOS OS IMOVEIS ESTAO REGISTRADO NA PREFEITURA DE CANAVIEIRAS E NO REGISTRO DE IMOVEIS DA COMARCA DE CANAVIEIRAS BAHIA \/ TODOS OS IMPOSTOS PAGOS EM DIA\nChristian Muller  (Propriet\u00e1rio)\n\n\n\n\n\n\n\n<font style=\"vertical-align: inherit;\"><font style=\"vertical-align: inherit;\">Canavieiras \/ Bahia<\/font><\/font>\n<font style=\"vertical-align: inherit;\"><font style=\"vertical-align: inherit;\">600 km ao sul de Salvador, 110km ao sul de Ilh\u00e9us<\/font><\/font>\n\n\nParte da cidade de Canavieiras \u00e9 encostado no Rio Pardo.\n\n\n\n\nS\u00edtio hist\u00f3rico Paulo Souto, Canavieiras,\n\n\n","protected":false},"excerpt":{"rendered":"","protected":false},"author":1,"featured_media":0,"parent":0,"menu_order":0,"comment_status":"closed","ping_status":"closed","template":"","meta":{"pagelayer_contact_templates":[],"_pagelayer_content":"","footnotes":""},"aioseo_notices":[],"_links":{"self":[{"href":"https:\/\/canesinvest.com.br\/index.php?rest_route=\/wp\/v2\/pages\/50"}],"collection":[{"href":"https:\/\/canesinvest.com.br\/index.php?rest_route=\/wp\/v2\/pages"}],"about":[{"href":"https:\/\/canesinvest.com.br\/index.php?rest_route=\/wp\/v2\/types\/page"}],"author":[{"embeddable":true,"href":"https:\/\/canesinvest.com.br\/index.php?rest_route=\/wp\/v2\/users\/1"}],"replies":[{"embeddable":true,"href":"https:\/\/canesinvest.com.br\/index.php?rest_route=%2Fwp%2Fv2%2Fcomments&post=50"}],"version-history":[{"count":175,"href":"https:\/\/canesinvest.com.br\/index.php?rest_route=\/wp\/v2\/pages\/50\/revisions"}],"predecessor-version":[{"id":820,"href":"https:\/\/canesinvest.com.br\/index.php?rest_route=\/wp\/v2\/pages\/50\/revisions\/820"}],"wp:attachment":[{"href":"https:\/\/canesinvest.com.br\/index.php?rest_route=%2Fwp%2Fv2%2Fmedia&parent=50"}],"curies":[{"name":"wp","href":"https:\/\/api.w.org\/{rel}","templated":true}]}}